{"id":1339,"date":"2023-07-26T10:46:36","date_gmt":"2023-07-26T10:46:36","guid":{"rendered":"https:\/\/peopleinbest.es\/?page_id=1339"},"modified":"2025-05-05T08:46:03","modified_gmt":"2025-05-05T08:46:03","slug":"politica-de-privacidad","status":"publish","type":"page","link":"https:\/\/peopleinbest.es\/en\/politica-de-privacidad\/","title":{"rendered":"Privacy Policy"},"content":{"rendered":"<div data-elementor-type=\"wp-page\" data-elementor-id=\"1339\" class=\"elementor elementor-1339\">\n\t\t\t\t\t\t<section class=\"elementor-section elementor-top-section elementor-element elementor-element-3b651e50 elementor-section-boxed elementor-section-height-default elementor-section-height-default\" data-id=\"3b651e50\" data-element_type=\"section\" data-e-type=\"section\">\n\t\t\t\t\t\t<div class=\"elementor-container elementor-column-gap-default\">\n\t\t\t\t\t<div class=\"elementor-column elementor-col-100 elementor-top-column elementor-element elementor-element-1e276298\" data-id=\"1e276298\" data-element_type=\"column\" data-e-type=\"column\">\n\t\t\t<div class=\"elementor-widget-wrap elementor-element-populated\">\n\t\t\t\t\t\t<div class=\"elementor-element elementor-element-1292ad34 elementor-widget elementor-widget-text-editor\" data-id=\"1292ad34\" data-element_type=\"widget\" data-e-type=\"widget\" data-widget_type=\"text-editor.default\">\n\t\t\t\t<div class=\"elementor-widget-container\">\n\t\t\t\t\t\t\t\t\t<p><strong>\u00bfQui\u00e9n es el responsable de sus datos?<\/strong><\/p><p>De acuerdo con lo establecido por la Ley Org\u00e1nica 3\/2018, de 5 de diciembre, de Protecci\u00f3n de Datos Personales y garant\u00eda de los derechos digitales (LOPD) y el Reglamento General de Protecci\u00f3n de Datos (RGPD) de 27 de Abril de 2016, le informamos que los datos personales aportados ser\u00e1n tratados por PEOPLEINBEST ESPA\u00d1A, S.L. con CIF B13803416 y domicilio en Calle Princesa 25, 2-8, 28008, Madrid (Madrid).<\/p><p><strong>\u00bfCu\u00e1les son sus derechos cuando nos facilita sus datos?<\/strong><\/p><p>Cualquier persona tiene derecho a solicitar el acceso, rectificaci\u00f3n, supresi\u00f3n, limitaci\u00f3n del tratamiento, oposici\u00f3n o derecho a la portabilidad de sus datos personales, escribi\u00e9ndonos a la direcci\u00f3n de nuestras oficinas, o enviando un correo electr\u00f3nico <a href=\"mailto:info@peopleinbest.es\" data-outlook-id=\"5c2930c7-f7d1-4f4f-957d-cc9629247603\">info@peopleinbest.es<\/a>, indicando el derecho que desea ejercer.<\/p><p>Tendr\u00e1 derecho igualmente a retirar el consentimiento prestado en cualquier momento. La retirada del consentimiento no afectar\u00e1 a la licitud del tratamiento efectuado antes de la retirada de dicho consentimiento.<\/p><p>Tiene derecho a presentar una reclamaci\u00f3n ante la autoridad de control si considera que pueden haber sido vulnerados sus derechos en lo concerniente a la protecci\u00f3n de sus datos personales.<\/p><p><strong><em>CONTACTOS<\/em><\/strong><\/p><ul><li><strong>\u00bfCon qu\u00e9 finalidad tratamos sus datos personales?<\/strong><\/li><\/ul><p>Los datos aportados por usted son necesarios para poder prestarle con todas las garant\u00edas el servicio solicitado, y ser\u00e1n tratados con las siguientes finalidades: Gesti\u00f3n de los datos de contacto para la comunicaci\u00f3n.<\/p><ul><li><strong>\u00bfPor cu\u00e1nto tiempo conservaremos sus datos?<\/strong><\/li><\/ul><p>Los datos personales proporcionados se conservar\u00e1n mientras se prevea que pueden ser necesarios para contactar con el interesado.<\/p><ul><li><strong>\u00bfCu\u00e1l es la legitimaci\u00f3n para el tratamiento de sus datos?<\/strong><\/li><\/ul><p>La base legal para el tratamiento de sus datos es el consentimiento del interesado al proporcionar sus datos de contacto.<\/p><ul><li><strong>\u00bfA qu\u00e9 destinatarios se comunicar\u00e1n sus datos?<\/strong><\/li><\/ul><p>Sus datos no se ceder\u00e1n a terceros salvo obligaci\u00f3n legal.<\/p><p><strong><em>USUARIOS PLATAFORMA<\/em><\/strong><\/p><ul><li><strong>\u00bfCon qu\u00e9 finalidad tratamos sus datos personales?<\/strong><\/li><\/ul><p>Los datos aportados por usted son necesarios para poder prestarle con todas las garant\u00edas el servicio solicitado, y ser\u00e1n tratados con las siguientes finalidades: Gesti\u00f3n de los datos de los usuarios para servicios de la plataforma y retribuci\u00f3n flexible.<\/p><ul><li><strong>\u00bfPor cu\u00e1nto tiempo conservaremos sus datos?<\/strong><\/li><\/ul><p>Los datos personales proporcionados se conservar\u00e1n mientras el usuario haga uso de la plataforma y posteriormente durante los plazos legalmente exigidos.<\/p><ul><li><strong>\u00bfCu\u00e1l es la legitimaci\u00f3n para el tratamiento de sus datos?<\/strong><\/li><\/ul><p>La base legal para el tratamiento de sus datos es la ejecuci\u00f3n de un contrato.<\/p><ul><li><strong>\u00bfA qu\u00e9 destinatarios se comunicar\u00e1n sus datos?<\/strong><\/li><\/ul><p>Sus datos no se ceder\u00e1n a terceros salvo obligaci\u00f3n legal.<\/p><p><strong><em>CLIENTES<\/em><\/strong><\/p><ul><li><strong>\u00bfCon qu\u00e9 finalidad tratamos sus datos personales?<\/strong><\/li><\/ul><p>Los datos aportados por usted son necesarios para poder prestarle con todas las garant\u00edas el servicio solicitado, y ser\u00e1n tratados con las siguientes finalidades: Gesti\u00f3n administrativa, contable y fiscal, gesti\u00f3n de las relaciones comerciales y transacciones econ\u00f3micas, acciones de marketing y publicidad en general.<\/p><ul><li><strong>\u00bfPor cu\u00e1nto tiempo conservaremos sus datos?<\/strong><\/li><\/ul><p>Los datos personales proporcionados se conservar\u00e1n hasta la finalizaci\u00f3n de la relaci\u00f3n contractual y, posteriormente, durante los plazos legalmente exigidos.<\/p><ul><li><strong>\u00bfCu\u00e1l es la legitimaci\u00f3n para el tratamiento de sus datos?<\/strong><\/li><\/ul><p>La base legal para el tratamiento de sus datos es la ejecuci\u00f3n del contrato suscrito con nosotros.<\/p><ul><li><strong>\u00bfA qu\u00e9 destinatarios se comunicar\u00e1n sus datos?<\/strong><\/li><\/ul><p>Para cumplir con la finalidad prevista, sus datos podr\u00e1n ser comunicados a: Administraci\u00f3n tributaria; Bancos, cajas de ahorros y cajas rurales; Administraci\u00f3n p\u00fablica con competencia en la materia.<\/p><p><strong><em>WEB<\/em><\/strong><\/p><ul><li><strong>\u00bfCon qu\u00e9 finalidad tratamos sus datos personales?<\/strong><\/li><\/ul><p>Los datos aportados por usted son necesarios para poder prestarle con todas las garant\u00edas el servicio solicitado, y ser\u00e1n tratados con las siguientes finalidades: Recoger los datos de car\u00e1cter personal que sean obtenidos a trav\u00e9s de los formularios de contacto disponibles en la p\u00e1gina web de la empresa para el contacto con el solicitante y env\u00edo de boletines publicitarios.<\/p><ul><li><strong>\u00bfPor cu\u00e1nto tiempo conservaremos sus datos?<\/strong><\/li><\/ul><p>Los datos personales proporcionados se conservar\u00e1n mientras se prevea que pueden ser necesarios para contactar con el interesado.<\/p><ul><li><strong>\u00bfCu\u00e1l es la legitimaci\u00f3n para el tratamiento de sus datos?<\/strong><\/li><\/ul><p>La base legal para el tratamiento de sus datos es el consentimiento del interesado al contactar con nuestra organizaci\u00f3n.<\/p><ul><li><strong>\u00bfA qu\u00e9 destinatarios se comunicar\u00e1n sus datos?<\/strong><\/li><\/ul><p>Sus datos no se ceder\u00e1n a terceros salvo obligaci\u00f3n legal.<\/p><p><span style=\"font-size: 11.0pt; font-family: 'Aptos',sans-serif; mso-fareast-font-family: 'Times New Roman'; mso-bidi-font-family: Aptos; mso-ansi-language: PT; mso-fareast-language: PT; mso-bidi-language: AR-SA;\">Calle Princesa 25, 2-8, 28008 Madrid<\/span> <style>@font-face\n\t{font-family:\"Cambria Math\";\n\tpanose-1:2 4 5 3 5 4 6 3 2 4;\n\tmso-font-charset:0;\n\tmso-generic-font-family:roman;\n\tmso-font-pitch:variable;\n\tmso-font-signature:-536870145 1107305727 0 0 415 0;}@font-face\n\t{font-family:Aptos;\n\tpanose-1:2 11 0 4 2 2 2 2 2 4;\n\tmso-font-charset:0;\n\tmso-generic-font-family:swiss;\n\tmso-font-pitch:variable;\n\tmso-font-signature:536871559 3 0 0 415 0;}p.MsoNormal, li.MsoNormal, div.MsoNormal\n\t{mso-style-unhide:no;\n\tmso-style-qformat:yes;\n\tmso-style-parent:\"\";\n\tmargin:0cm;\n\tmso-pagination:widow-orphan;\n\tfont-size:10.0pt;\n\tfont-family:\"Aptos\",sans-serif;\n\tmso-fareast-font-family:\"Times New Roman\";\n\tmso-bidi-font-family:Aptos;}.MsoChpDefault\n\t{mso-style-type:export-only;\n\tmso-default-props:yes;\n\tfont-size:10.0pt;\n\tmso-ansi-font-size:10.0pt;\n\tmso-bidi-font-size:10.0pt;\n\tmso-font-kerning:0pt;\n\tmso-ligatures:none;}div.WordSection1\n\t{page:WordSection1;}<\/style><\/p>\t\t\t\t\t\t\t\t<\/div>\n\t\t\t\t<\/div>\n\t\t\t\t\t<\/div>\n\t\t<\/div>\n\t\t\t\t\t<\/div>\n\t\t<\/section>\n\t\t\t\t<\/div>","protected":false},"excerpt":{"rendered":"<p>\u00bfQui\u00e9n es el responsable de sus datos? De acuerdo con lo establecido por la Ley Org\u00e1nica 3\/2018, de 5 de diciembre, de Protecci\u00f3n de Datos Personales<span class=\"excerpt-hellip\"> [\u2026]<\/span><\/p>\n","protected":false},"author":2,"featured_media":0,"parent":0,"menu_order":0,"comment_status":"closed","ping_status":"closed","template":"","meta":{"footnotes":""},"class_list":["post-1339","page","type-page","status-publish","hentry"],"yoast_head":"<!-- This site is optimized with the Yoast SEO plugin v27.5 - https:\/\/yoast.com\/product\/yoast-seo-wordpress\/ -->\n<title>Politica de Privacidad - PeopleInBest<\/title>\n<meta name=\"robots\" content=\"index, follow, max-snippet:-1, max-image-preview:large, max-video-preview:-1\" \/>\n<link rel=\"canonical\" href=\"https:\/\/peopleinbest.es\/en\/politica-de-privacidad\/\" \/>\n<meta property=\"og:locale\" content=\"en_GB\" \/>\n<meta property=\"og:type\" content=\"article\" \/>\n<meta property=\"og:title\" content=\"Politica de Privacidad - PeopleInBest\" \/>\n<meta property=\"og:description\" content=\"\u00bfQui\u00e9n es el responsable de sus datos? De acuerdo con lo establecido por la Ley Org\u00e1nica 3\/2018, de 5 de diciembre, de Protecci\u00f3n de Datos Personales [\u2026]\" \/>\n<meta property=\"og:url\" content=\"https:\/\/peopleinbest.es\/en\/politica-de-privacidad\/\" \/>\n<meta property=\"og:site_name\" content=\"PeopleInBest\" \/>\n<meta property=\"article:modified_time\" content=\"2025-05-05T08:46:03+00:00\" \/>\n<meta name=\"twitter:card\" content=\"summary_large_image\" \/>\n<meta name=\"twitter:label1\" content=\"Estimated reading time\" \/>\n\t<meta name=\"twitter:data1\" content=\"4 minutes\" \/>\n<script type=\"application\/ld+json\" class=\"yoast-schema-graph\">{\"@context\":\"https:\\\/\\\/schema.org\",\"@graph\":[{\"@type\":\"WebPage\",\"@id\":\"https:\\\/\\\/peopleinbest.es\\\/politica-de-privacidad\\\/\",\"url\":\"https:\\\/\\\/peopleinbest.es\\\/politica-de-privacidad\\\/\",\"name\":\"Politica de Privacidad - PeopleInBest\",\"isPartOf\":{\"@id\":\"https:\\\/\\\/peopleinbest.es\\\/#website\"},\"datePublished\":\"2023-07-26T10:46:36+00:00\",\"dateModified\":\"2025-05-05T08:46:03+00:00\",\"inLanguage\":\"en-GB\",\"potentialAction\":[{\"@type\":\"ReadAction\",\"target\":[\"https:\\\/\\\/peopleinbest.es\\\/politica-de-privacidad\\\/\"]}]},{\"@type\":\"WebSite\",\"@id\":\"https:\\\/\\\/peopleinbest.es\\\/#website\",\"url\":\"https:\\\/\\\/peopleinbest.es\\\/\",\"name\":\"PeopleInBest\",\"description\":\"Todos los Beneficios, una sola Plataforma\",\"publisher\":{\"@id\":\"https:\\\/\\\/peopleinbest.es\\\/#organization\"},\"potentialAction\":[{\"@type\":\"SearchAction\",\"target\":{\"@type\":\"EntryPoint\",\"urlTemplate\":\"https:\\\/\\\/peopleinbest.es\\\/?s={search_term_string}\"},\"query-input\":{\"@type\":\"PropertyValueSpecification\",\"valueRequired\":true,\"valueName\":\"search_term_string\"}}],\"inLanguage\":\"en-GB\"},{\"@type\":\"Organization\",\"@id\":\"https:\\\/\\\/peopleinbest.es\\\/#organization\",\"name\":\"PeopleInBest\",\"url\":\"https:\\\/\\\/peopleinbest.es\\\/\",\"logo\":{\"@type\":\"ImageObject\",\"inLanguage\":\"en-GB\",\"@id\":\"https:\\\/\\\/peopleinbest.es\\\/#\\\/schema\\\/logo\\\/image\\\/\",\"url\":\"https:\\\/\\\/peopleinbest.es\\\/wp-content\\\/uploads\\\/2023\\\/07\\\/logotipo.png\",\"contentUrl\":\"https:\\\/\\\/peopleinbest.es\\\/wp-content\\\/uploads\\\/2023\\\/07\\\/logotipo.png\",\"width\":977,\"height\":159,\"caption\":\"PeopleInBest\"},\"image\":{\"@id\":\"https:\\\/\\\/peopleinbest.es\\\/#\\\/schema\\\/logo\\\/image\\\/\"}}]}<\/script>\n<!-- \/ Yoast SEO plugin. -->","yoast_head_json":{"title":"Politica de Privacidad - PeopleInBest","robots":{"index":"index","follow":"follow","max-snippet":"max-snippet:-1","max-image-preview":"max-image-preview:large","max-video-preview":"max-video-preview:-1"},"canonical":"https:\/\/peopleinbest.es\/en\/politica-de-privacidad\/","og_locale":"en_GB","og_type":"article","og_title":"Politica de Privacidad - PeopleInBest","og_description":"\u00bfQui\u00e9n es el responsable de sus datos? De acuerdo con lo establecido por la Ley Org\u00e1nica 3\/2018, de 5 de diciembre, de Protecci\u00f3n de Datos Personales [\u2026]","og_url":"https:\/\/peopleinbest.es\/en\/politica-de-privacidad\/","og_site_name":"PeopleInBest","article_modified_time":"2025-05-05T08:46:03+00:00","twitter_card":"summary_large_image","twitter_misc":{"Estimated reading time":"4 minutes"},"schema":{"@context":"https:\/\/schema.org","@graph":[{"@type":"WebPage","@id":"https:\/\/peopleinbest.es\/politica-de-privacidad\/","url":"https:\/\/peopleinbest.es\/politica-de-privacidad\/","name":"Politica de Privacidad - PeopleInBest","isPartOf":{"@id":"https:\/\/peopleinbest.es\/#website"},"datePublished":"2023-07-26T10:46:36+00:00","dateModified":"2025-05-05T08:46:03+00:00","inLanguage":"en-GB","potentialAction":[{"@type":"ReadAction","target":["https:\/\/peopleinbest.es\/politica-de-privacidad\/"]}]},{"@type":"WebSite","@id":"https:\/\/peopleinbest.es\/#website","url":"https:\/\/peopleinbest.es\/","name":"PeopleInBest","description":"Todos los Beneficios, una sola Plataforma","publisher":{"@id":"https:\/\/peopleinbest.es\/#organization"},"potentialAction":[{"@type":"SearchAction","target":{"@type":"EntryPoint","urlTemplate":"https:\/\/peopleinbest.es\/?s={search_term_string}"},"query-input":{"@type":"PropertyValueSpecification","valueRequired":true,"valueName":"search_term_string"}}],"inLanguage":"en-GB"},{"@type":"Organization","@id":"https:\/\/peopleinbest.es\/#organization","name":"PeopleInBest","url":"https:\/\/peopleinbest.es\/","logo":{"@type":"ImageObject","inLanguage":"en-GB","@id":"https:\/\/peopleinbest.es\/#\/schema\/logo\/image\/","url":"https:\/\/peopleinbest.es\/wp-content\/uploads\/2023\/07\/logotipo.png","contentUrl":"https:\/\/peopleinbest.es\/wp-content\/uploads\/2023\/07\/logotipo.png","width":977,"height":159,"caption":"PeopleInBest"},"image":{"@id":"https:\/\/peopleinbest.es\/#\/schema\/logo\/image\/"}}]}},"_links":{"self":[{"href":"https:\/\/peopleinbest.es\/en\/wp-json\/wp\/v2\/pages\/1339","targetHints":{"allow":["GET"]}}],"collection":[{"href":"https:\/\/peopleinbest.es\/en\/wp-json\/wp\/v2\/pages"}],"about":[{"href":"https:\/\/peopleinbest.es\/en\/wp-json\/wp\/v2\/types\/page"}],"author":[{"embeddable":true,"href":"https:\/\/peopleinbest.es\/en\/wp-json\/wp\/v2\/users\/2"}],"replies":[{"embeddable":true,"href":"https:\/\/peopleinbest.es\/en\/wp-json\/wp\/v2\/comments?post=1339"}],"version-history":[{"count":11,"href":"https:\/\/peopleinbest.es\/en\/wp-json\/wp\/v2\/pages\/1339\/revisions"}],"predecessor-version":[{"id":1500,"href":"https:\/\/peopleinbest.es\/en\/wp-json\/wp\/v2\/pages\/1339\/revisions\/1500"}],"wp:attachment":[{"href":"https:\/\/peopleinbest.es\/en\/wp-json\/wp\/v2\/media?parent=1339"}],"curies":[{"name":"wp","href":"https:\/\/api.w.org\/{rel}","templated":true}]}}